{"id":5078,"date":"2020-02-24T16:00:14","date_gmt":"2020-02-24T15:00:14","guid":{"rendered":"http:\/\/www.grenouillere-museum.com\/grenouillere\/?page_id=5078"},"modified":"2020-02-24T16:49:18","modified_gmt":"2020-02-24T15:49:18","slug":"5078-2","status":"publish","type":"page","link":"https:\/\/www.grenouillere-museum.com\/grenouillere\/5078-2\/","title":{"rendered":"\u00ab Gabrielle mod\u00e8le pr\u00e9f\u00e9r\u00e9 de Renoir\u00bb, exposition jusqu&rsquo;au 28 octobre 2020"},"content":{"rendered":"<section class=\"wpb-content-wrapper\"><p>[vc_row][vc_column][vc_custom_heading text=\u00a0\u00bb<strong>\u00ab Gabrielle mod\u00e8le pr\u00e9f\u00e9r\u00e9 de Renoir\u00bb.<\/strong> DU 23 FEVRIER AU 28 OCTOBRE 2020&Prime;][vc_column_text]<a href=\"http:\/\/www.grenouillere-museum.com\/grenouillere\/wp-content\/uploads\/2020\/02\/Banniere-Expo-gabrielle.png\"><img loading=\"lazy\" decoding=\"async\" class=\"alignnone size-full wp-image-7143\" src=\"http:\/\/www.grenouillere-museum.com\/grenouillere\/wp-content\/uploads\/2020\/02\/Banniere-Expo-gabrielle.png\" alt=\"\" width=\"1000\" height=\"399\" srcset=\"https:\/\/www.grenouillere-museum.com\/grenouillere\/wp-content\/uploads\/2020\/02\/Banniere-Expo-gabrielle.png 1000w, https:\/\/www.grenouillere-museum.com\/grenouillere\/wp-content\/uploads\/2020\/02\/Banniere-Expo-gabrielle-300x120.png 300w, https:\/\/www.grenouillere-museum.com\/grenouillere\/wp-content\/uploads\/2020\/02\/Banniere-Expo-gabrielle-768x306.png 768w\" sizes=\"(max-width: 1000px) 100vw, 1000px\" \/><\/a>[\/vc_column_text][\/vc_column][\/vc_row][vc_row][vc_column][vc_column_text]<strong><br \/>\nPoursuivant son hommage \u00e0 Pierre-Auguste Renoir initi\u00e9 en 2019 pour le centenaire de la mort de l\u2019artiste, le Mus\u00e9e de la Grenouill\u00e8re nous invite \u00e0 un voyage de charme avec une exposition exceptionnelle.<\/strong><\/p>\n<p>R\u00e9alis\u00e9e gr\u00e2ce au concours du Centre culturel Renoir et de la Commune d\u2019Essoyes, cette exposition rassemble des \u0153uvres issues de collections particuli\u00e8res et \u00e9voque la destin\u00e9e hors du commun de Gabrielle Renard, fille de la campagne champenoise qui, de Paris \u00e0 Grasse et jusqu&rsquo;aux Etats-Unis, sera tour \u00e0 tour employ\u00e9e de maison, nourrice, muse et figure f\u00e9minine incontournable de deux artistes majeurs du XXe si\u00e8cle : le peintre Auguste Renoir et le cin\u00e9aste Jean Renoir.<\/p>\n<p>&nbsp;<\/p>\n<ul>\n<li>Mus\u00e9e de la Grenouill\u00e8re, Espace Chanorier &#8211; 12 Grande rue, 78290 Croissy-sur Seine, A 10 minutes \u00e0 pied de la gare Chatou-Croissy, RER A.\u00a0 Ouverture <strong>mercredi et dimanche de 14h30 \u00e0 18h00, <\/strong>et tous les jours pour les groupes sur r\u00e9servation.<\/li>\n<li>Tarif normal\u00a0: 5 \u20ac &#8211; Tarif r\u00e9duit\u00a0: 3 \u20ac &#8211; Tarif groupe visite guid\u00e9e et comment\u00e9e\u00a0: 6 \u20ac<\/li>\n<\/ul>\n<p><em>\u00a0<\/em><\/p>\n<p><em>Information\u00a0: Mus\u00e9e de la Grenouill\u00e8re, t\u00e9l.\u00a0: 01 30 53 61 02, <\/em><a href=\"mailto:grenouillere@orange.fr\"><em>grenouillere@orange.fr<\/em><\/a><em> \u2013 21 f\u00e9vrier 2020 <\/em>[\/vc_column_text][vc_single_image image=\u00a0\u00bb7164&Prime;][\/vc_column][\/vc_row][vc_row][vc_column][vc_single_image image=\u00a0\u00bb7154&Prime; alignment=\u00a0\u00bbcenter\u00a0\u00bb][\/vc_column][\/vc_row][vc_row][vc_column][vc_facebook type=\u00a0\u00bbbutton_count\u00a0\u00bb][\/vc_column][\/vc_row][vc_row][vc_column][vc_text_separator title=\u00a0\u00bb\uf0a0\tOuverture mercredi et dimanche de 14h30 \u00e0 18h00. Tarif normal : 5 \u20ac &#8211; Tarif r\u00e9duit : 3 \u20ac &#8211; Tarif groupe visite guid\u00e9e et comment\u00e9e : 6 \u20ac\u00a0\u00bb i_type=\u00a0\u00bbopeniconic\u00a0\u00bb i_icon_openiconic=\u00a0\u00bbvc-oi vc-oi-brush\u00a0\u00bb i_color=\u00a0\u00bbgreen\u00a0\u00bb add_icon=\u00a0\u00bbtrue\u00a0\u00bb][\/vc_column][\/vc_row]<\/p>\n<\/section>","protected":false},"excerpt":{"rendered":"<p>[vc_row][vc_column][vc_custom_heading text=\u00a0\u00bb\u00ab Gabrielle mod\u00e8le pr\u00e9f\u00e9r\u00e9 de Renoir\u00bb. DU 23 FEVRIER AU 28 OCTOBRE 2020&Prime;][vc_column_text][\/vc_column_text][\/vc_column][\/vc_row][vc_row][vc_column][vc_column_text] Poursuivant son hommage \u00e0 Pierre-Auguste Renoir initi\u00e9 en 2019 pour le centenaire de la mort de l\u2019artiste, le Mus\u00e9e de la Grenouill\u00e8re nous invite \u00e0 un voyage de charme avec une exposition exceptionnelle. R\u00e9alis\u00e9e gr\u00e2ce au concours du Centre culturel Renoir [&hellip;]<\/p>\n","protected":false},"author":3,"featured_media":0,"parent":0,"menu_order":0,"comment_status":"closed","ping_status":"closed","template":"","meta":{"_genesis_hide_title":false,"_genesis_hide_breadcrumbs":false,"_genesis_hide_singular_image":false,"_genesis_hide_footer_widgets":false,"_genesis_custom_body_class":"","_genesis_custom_post_class":"","_genesis_layout":"","footnotes":""},"yoast_head":"<!-- This site is optimized with the Yoast SEO plugin v23.5 - https:\/\/yoast.com\/wordpress\/plugins\/seo\/ -->\n<title>\u00ab Gabrielle mod\u00e8le pr\u00e9f\u00e9r\u00e9 de Renoir\u00bb, exposition jusqu&#039;au 28 octobre 2020 - Mus\u00e9e de la Grenouill\u00e8re Croissy sur Seine<\/title>\n<meta name=\"robots\" content=\"index, follow, max-snippet:-1, max-image-preview:large, max-video-preview:-1\" \/>\n<link rel=\"canonical\" href=\"https:\/\/www.grenouillere-museum.com\/grenouillere\/5078-2\/\" \/>\n<meta property=\"og:locale\" content=\"fr_FR\" \/>\n<meta property=\"og:type\" content=\"article\" \/>\n<meta property=\"og:title\" content=\"\u00ab Gabrielle mod\u00e8le pr\u00e9f\u00e9r\u00e9 de Renoir\u00bb, exposition jusqu&#039;au 28 octobre 2020 - Mus\u00e9e de la Grenouill\u00e8re Croissy sur Seine\" \/>\n<meta property=\"og:description\" content=\"[vc_row][vc_column][vc_custom_heading text=\u00a0\u00bb\u00ab Gabrielle mod\u00e8le pr\u00e9f\u00e9r\u00e9 de Renoir\u00bb. DU 23 FEVRIER AU 28 OCTOBRE 2020&Prime;][vc_column_text][\/vc_column_text][\/vc_column][\/vc_row][vc_row][vc_column][vc_column_text] Poursuivant son hommage \u00e0 Pierre-Auguste Renoir initi\u00e9 en 2019 pour le centenaire de la mort de l\u2019artiste, le Mus\u00e9e de la Grenouill\u00e8re nous invite \u00e0 un voyage de charme avec une exposition exceptionnelle. R\u00e9alis\u00e9e gr\u00e2ce au concours du Centre culturel Renoir [&hellip;]\" \/>\n<meta property=\"og:url\" content=\"https:\/\/www.grenouillere-museum.com\/grenouillere\/5078-2\/\" \/>\n<meta property=\"og:site_name\" content=\"Mus\u00e9e de la Grenouill\u00e8re Croissy sur Seine\" \/>\n<meta property=\"article:publisher\" content=\"https:\/\/www.facebook.com\/grenouillere.museum\/\" \/>\n<meta property=\"article:modified_time\" content=\"2020-02-24T15:49:18+00:00\" \/>\n<meta property=\"og:image\" content=\"http:\/\/www.grenouillere-museum.com\/grenouillere\/wp-content\/uploads\/2020\/02\/Banniere-Expo-gabrielle.png\" \/>\n<meta name=\"twitter:card\" content=\"summary_large_image\" \/>\n<meta name=\"twitter:label1\" content=\"Dur\u00e9e de lecture estim\u00e9e\" \/>\n\t<meta name=\"twitter:data1\" content=\"2 minutes\" \/>\n<script type=\"application\/ld+json\" class=\"yoast-schema-graph\">{\"@context\":\"https:\/\/schema.org\",\"@graph\":[{\"@type\":\"WebPage\",\"@id\":\"https:\/\/www.grenouillere-museum.com\/grenouillere\/5078-2\/\",\"url\":\"https:\/\/www.grenouillere-museum.com\/grenouillere\/5078-2\/\",\"name\":\"\u00ab Gabrielle mod\u00e8le pr\u00e9f\u00e9r\u00e9 de Renoir\u00bb, exposition jusqu'au 28 octobre 2020 - Mus\u00e9e de la Grenouill\u00e8re Croissy sur Seine\",\"isPartOf\":{\"@id\":\"https:\/\/www.grenouillere-museum.com\/grenouillere\/#website\"},\"primaryImageOfPage\":{\"@id\":\"https:\/\/www.grenouillere-museum.com\/grenouillere\/5078-2\/#primaryimage\"},\"image\":{\"@id\":\"https:\/\/www.grenouillere-museum.com\/grenouillere\/5078-2\/#primaryimage\"},\"thumbnailUrl\":\"http:\/\/www.grenouillere-museum.com\/grenouillere\/wp-content\/uploads\/2020\/02\/Banniere-Expo-gabrielle.png\",\"datePublished\":\"2020-02-24T15:00:14+00:00\",\"dateModified\":\"2020-02-24T15:49:18+00:00\",\"breadcrumb\":{\"@id\":\"https:\/\/www.grenouillere-museum.com\/grenouillere\/5078-2\/#breadcrumb\"},\"inLanguage\":\"fr-FR\",\"potentialAction\":[{\"@type\":\"ReadAction\",\"target\":[\"https:\/\/www.grenouillere-museum.com\/grenouillere\/5078-2\/\"]}]},{\"@type\":\"ImageObject\",\"inLanguage\":\"fr-FR\",\"@id\":\"https:\/\/www.grenouillere-museum.com\/grenouillere\/5078-2\/#primaryimage\",\"url\":\"http:\/\/www.grenouillere-museum.com\/grenouillere\/wp-content\/uploads\/2020\/02\/Banniere-Expo-gabrielle.png\",\"contentUrl\":\"http:\/\/www.grenouillere-museum.com\/grenouillere\/wp-content\/uploads\/2020\/02\/Banniere-Expo-gabrielle.png\"},{\"@type\":\"BreadcrumbList\",\"@id\":\"https:\/\/www.grenouillere-museum.com\/grenouillere\/5078-2\/#breadcrumb\",\"itemListElement\":[{\"@type\":\"ListItem\",\"position\":1,\"name\":\"Accueil\",\"item\":\"https:\/\/www.grenouillere-museum.com\/grenouillere\/\"},{\"@type\":\"ListItem\",\"position\":2,\"name\":\"\u00ab Gabrielle mod\u00e8le pr\u00e9f\u00e9r\u00e9 de Renoir\u00bb, exposition jusqu&rsquo;au 28 octobre 2020\"}]},{\"@type\":\"WebSite\",\"@id\":\"https:\/\/www.grenouillere-museum.com\/grenouillere\/#website\",\"url\":\"https:\/\/www.grenouillere-museum.com\/grenouillere\/\",\"name\":\"Mus\u00e9e de la Grenouill\u00e8re\",\"description\":\"Laissez-vous emmener sur le lieu de naissance de l\u2019Impressionnisme\",\"potentialAction\":[{\"@type\":\"SearchAction\",\"target\":{\"@type\":\"EntryPoint\",\"urlTemplate\":\"https:\/\/www.grenouillere-museum.com\/grenouillere\/?s={search_term_string}\"},\"query-input\":{\"@type\":\"PropertyValueSpecification\",\"valueRequired\":true,\"valueName\":\"search_term_string\"}}],\"inLanguage\":\"fr-FR\"}]}<\/script>\n<!-- \/ Yoast SEO plugin. -->","yoast_head_json":{"title":"\u00ab Gabrielle mod\u00e8le pr\u00e9f\u00e9r\u00e9 de Renoir\u00bb, exposition jusqu'au 28 octobre 2020 - Mus\u00e9e de la Grenouill\u00e8re Croissy sur Seine","robots":{"index":"index","follow":"follow","max-snippet":"max-snippet:-1","max-image-preview":"max-image-preview:large","max-video-preview":"max-video-preview:-1"},"canonical":"https:\/\/www.grenouillere-museum.com\/grenouillere\/5078-2\/","og_locale":"fr_FR","og_type":"article","og_title":"\u00ab Gabrielle mod\u00e8le pr\u00e9f\u00e9r\u00e9 de Renoir\u00bb, exposition jusqu'au 28 octobre 2020 - Mus\u00e9e de la Grenouill\u00e8re Croissy sur Seine","og_description":"[vc_row][vc_column][vc_custom_heading text=\u00a0\u00bb\u00ab Gabrielle mod\u00e8le pr\u00e9f\u00e9r\u00e9 de Renoir\u00bb. DU 23 FEVRIER AU 28 OCTOBRE 2020&Prime;][vc_column_text][\/vc_column_text][\/vc_column][\/vc_row][vc_row][vc_column][vc_column_text] Poursuivant son hommage \u00e0 Pierre-Auguste Renoir initi\u00e9 en 2019 pour le centenaire de la mort de l\u2019artiste, le Mus\u00e9e de la Grenouill\u00e8re nous invite \u00e0 un voyage de charme avec une exposition exceptionnelle. R\u00e9alis\u00e9e gr\u00e2ce au concours du Centre culturel Renoir [&hellip;]","og_url":"https:\/\/www.grenouillere-museum.com\/grenouillere\/5078-2\/","og_site_name":"Mus\u00e9e de la Grenouill\u00e8re Croissy sur Seine","article_publisher":"https:\/\/www.facebook.com\/grenouillere.museum\/","article_modified_time":"2020-02-24T15:49:18+00:00","og_image":[{"url":"http:\/\/www.grenouillere-museum.com\/grenouillere\/wp-content\/uploads\/2020\/02\/Banniere-Expo-gabrielle.png"}],"twitter_card":"summary_large_image","twitter_misc":{"Dur\u00e9e de lecture estim\u00e9e":"2 minutes"},"schema":{"@context":"https:\/\/schema.org","@graph":[{"@type":"WebPage","@id":"https:\/\/www.grenouillere-museum.com\/grenouillere\/5078-2\/","url":"https:\/\/www.grenouillere-museum.com\/grenouillere\/5078-2\/","name":"\u00ab Gabrielle mod\u00e8le pr\u00e9f\u00e9r\u00e9 de Renoir\u00bb, exposition jusqu'au 28 octobre 2020 - Mus\u00e9e de la Grenouill\u00e8re Croissy sur Seine","isPartOf":{"@id":"https:\/\/www.grenouillere-museum.com\/grenouillere\/#website"},"primaryImageOfPage":{"@id":"https:\/\/www.grenouillere-museum.com\/grenouillere\/5078-2\/#primaryimage"},"image":{"@id":"https:\/\/www.grenouillere-museum.com\/grenouillere\/5078-2\/#primaryimage"},"thumbnailUrl":"http:\/\/www.grenouillere-museum.com\/grenouillere\/wp-content\/uploads\/2020\/02\/Banniere-Expo-gabrielle.png","datePublished":"2020-02-24T15:00:14+00:00","dateModified":"2020-02-24T15:49:18+00:00","breadcrumb":{"@id":"https:\/\/www.grenouillere-museum.com\/grenouillere\/5078-2\/#breadcrumb"},"inLanguage":"fr-FR","potentialAction":[{"@type":"ReadAction","target":["https:\/\/www.grenouillere-museum.com\/grenouillere\/5078-2\/"]}]},{"@type":"ImageObject","inLanguage":"fr-FR","@id":"https:\/\/www.grenouillere-museum.com\/grenouillere\/5078-2\/#primaryimage","url":"http:\/\/www.grenouillere-museum.com\/grenouillere\/wp-content\/uploads\/2020\/02\/Banniere-Expo-gabrielle.png","contentUrl":"http:\/\/www.grenouillere-museum.com\/grenouillere\/wp-content\/uploads\/2020\/02\/Banniere-Expo-gabrielle.png"},{"@type":"BreadcrumbList","@id":"https:\/\/www.grenouillere-museum.com\/grenouillere\/5078-2\/#breadcrumb","itemListElement":[{"@type":"ListItem","position":1,"name":"Accueil","item":"https:\/\/www.grenouillere-museum.com\/grenouillere\/"},{"@type":"ListItem","position":2,"name":"\u00ab Gabrielle mod\u00e8le pr\u00e9f\u00e9r\u00e9 de Renoir\u00bb, exposition jusqu&rsquo;au 28 octobre 2020"}]},{"@type":"WebSite","@id":"https:\/\/www.grenouillere-museum.com\/grenouillere\/#website","url":"https:\/\/www.grenouillere-museum.com\/grenouillere\/","name":"Mus\u00e9e de la Grenouill\u00e8re","description":"Laissez-vous emmener sur le lieu de naissance de l\u2019Impressionnisme","potentialAction":[{"@type":"SearchAction","target":{"@type":"EntryPoint","urlTemplate":"https:\/\/www.grenouillere-museum.com\/grenouillere\/?s={search_term_string}"},"query-input":{"@type":"PropertyValueSpecification","valueRequired":true,"valueName":"search_term_string"}}],"inLanguage":"fr-FR"}]}},"_links":{"self":[{"href":"https:\/\/www.grenouillere-museum.com\/grenouillere\/wp-json\/wp\/v2\/pages\/5078"}],"collection":[{"href":"https:\/\/www.grenouillere-museum.com\/grenouillere\/wp-json\/wp\/v2\/pages"}],"about":[{"href":"https:\/\/www.grenouillere-museum.com\/grenouillere\/wp-json\/wp\/v2\/types\/page"}],"author":[{"embeddable":true,"href":"https:\/\/www.grenouillere-museum.com\/grenouillere\/wp-json\/wp\/v2\/users\/3"}],"replies":[{"embeddable":true,"href":"https:\/\/www.grenouillere-museum.com\/grenouillere\/wp-json\/wp\/v2\/comments?post=5078"}],"version-history":[{"count":30,"href":"https:\/\/www.grenouillere-museum.com\/grenouillere\/wp-json\/wp\/v2\/pages\/5078\/revisions"}],"predecessor-version":[{"id":7174,"href":"https:\/\/www.grenouillere-museum.com\/grenouillere\/wp-json\/wp\/v2\/pages\/5078\/revisions\/7174"}],"wp:attachment":[{"href":"https:\/\/www.grenouillere-museum.com\/grenouillere\/wp-json\/wp\/v2\/media?parent=5078"}],"curies":[{"name":"wp","href":"https:\/\/api.w.org\/{rel}","templated":true}]}}